{"id":15618,"date":"2025-01-13T11:51:20","date_gmt":"2025-01-13T10:51:20","guid":{"rendered":"https:\/\/mendinet.eus\/?page_id=15618"},"modified":"2025-08-06T16:09:15","modified_gmt":"2025-08-06T14:09:15","slug":"pribatutasun-politika","status":"publish","type":"page","link":"https:\/\/mendinet.eus\/eu\/pribatutasun-politika\/","title":{"rendered":"Pribatutasun politika"},"content":{"rendered":"<p><div class=\"fusion-fullwidth fullwidth-box fusion-builder-row-1 fusion-flex-container has-pattern-background has-mask-background fusion-parallax-none hundred-percent-fullwidth non-hundred-percent-height-scrolling\" style=\"--awb-border-radius-top-left:0px;--awb-border-radius-top-right:0px;--awb-border-radius-bottom-right:0px;--awb-border-radius-bottom-left:0px;--awb-background-image:url(&quot;https:\/\/mendinet.eus\/wp-content\/uploads\/2025\/01\/Mendi_3.webp&quot;);--awb-background-size:cover;--awb-flex-wrap:wrap;\" data-preload-img=\"https:\/\/mendinet.eus\/wp-content\/uploads\/2025\/01\/Mendi_3.webp\" ><div class=\"fusion-builder-row fusion-row fusion-flex-align-items-flex-start fusion-flex-content-wrap\" style=\"width:104% !important;max-width:104% !important;margin-left: calc(-4% \/ 2 );margin-right: calc(-4% \/ 2 );\"><div class=\"fusion-layout-column fusion_builder_column fusion-builder-column-0 fusion_builder_column_2_3 2_3 fusion-flex-column fusion-flex-align-self-stretch\" style=\"--awb-padding-right:5%;--awb-padding-bottom:5%;--awb-padding-left:8%;--awb-bg-blend:overlay;--awb-bg-size:cover;--awb-width-large:66.666666666667%;--awb-margin-top-large:0px;--awb-spacing-right-large:2.88%;--awb-margin-bottom-large:20px;--awb-spacing-left-large:2.88%;--awb-width-medium:66.666666666667%;--awb-order-medium:0;--awb-spacing-right-medium:2.88%;--awb-spacing-left-medium:2.88%;--awb-width-small:100%;--awb-order-small:0;--awb-spacing-right-small:1.92%;--awb-spacing-left-small:1.92%;\" data-scroll-devices=\"small-visibility,medium-visibility,large-visibility\"><div class=\"fusion-column-wrapper fusion-column-has-shadow fusion-flex-justify-content-space-between fusion-content-layout-column\"><div class=\"fusion-separator fusion-full-width-sep\" style=\"align-self: center;margin-left: auto;margin-right: auto;margin-top:170px;width:100%;\"><\/div><div class=\"fusion-title title fusion-title-1 fusion-sep-none fusion-title-text fusion-title-size-two\" style=\"--awb-text-color:var(--awb-color1);--awb-margin-bottom:0px;--awb-font-size:48px;\"><h2 class=\"fusion-title-heading title-heading-left fusion-responsive-typography-calculated\" style=\"margin:0;font-size:1em;text-transform:none;--fontSize:48;line-height:1.13;\">Pribatutasun Politika\u200b<\/h2><\/div><div class=\"fusion-separator fusion-full-width-sep\" style=\"align-self: center;margin-left: auto;margin-right: auto;margin-bottom:40px;width:100%;\"><\/div><\/div><\/div><\/div><\/div><div class=\"fusion-fullwidth fullwidth-box fusion-builder-row-2 fusion-flex-container has-pattern-background has-mask-background nonhundred-percent-fullwidth non-hundred-percent-height-scrolling\" style=\"--awb-border-radius-top-left:0px;--awb-border-radius-top-right:0px;--awb-border-radius-bottom-right:0px;--awb-border-radius-bottom-left:0px;--awb-margin-top:3%;--awb-margin-bottom:6%;--awb-flex-wrap:wrap;--awb-flex-wrap-small:wrap;\" ><div class=\"fusion-builder-row fusion-row fusion-flex-align-items-flex-start fusion-flex-justify-content-space-between fusion-flex-content-wrap\" style=\"max-width:1497.6px;margin-left: calc(-4% \/ 2 );margin-right: calc(-4% \/ 2 );\"><div class=\"fusion-layout-column fusion_builder_column fusion-builder-column-1 fusion_builder_column_1_1 1_1 fusion-flex-column\" style=\"--awb-padding-top:50px;--awb-padding-right:60px;--awb-padding-bottom:50px;--awb-padding-left:60px;--awb-padding-right-medium:40px;--awb-padding-left-medium:40px;--awb-padding-right-small:20px;--awb-padding-left-small:20px;--awb-bg-color:#ffffff;--awb-bg-color-hover:#ffffff;--awb-bg-size:cover;--awb-width-large:100%;--awb-margin-top-large:0px;--awb-spacing-right-large:1.92%;--awb-margin-bottom-large:0px;--awb-spacing-left-large:1.92%;--awb-width-medium:100%;--awb-order-medium:0;--awb-spacing-right-medium:1.92%;--awb-spacing-left-medium:1.92%;--awb-width-small:100%;--awb-order-small:0;--awb-spacing-right-small:1.92%;--awb-spacing-left-small:1.92%;\" data-scroll-devices=\"small-visibility,medium-visibility,large-visibility\"><div class=\"fusion-column-wrapper fusion-column-has-shadow fusion-flex-justify-content-flex-start fusion-content-layout-column\"><div class=\"fusion-text fusion-text-1\"><h4>Pribatutasun Politika\u200b<\/h4>\n<p><strong>MENDINET, LANDA EREMUEN GARAPENAREN AURRERAPENERAKO ELKARTEA<\/strong><br \/>\n<strong>Posta-helbidea:<\/strong> Granja Modelo z\/g. 01192 Arkauti (Araba)<br \/>\n<strong>IFK<\/strong>: G01341718<br \/>\n<strong>Telefonoa<\/strong>: 945 410 309<br \/>\n<strong>Helbide elektronikoa:<\/strong> mendinet@mendinet.eus<\/p>\n<p>landa-garapenerako programan sartuta dauden LEADER landa-garapenerako estrategien kudeaketari buruzko eskumena kudeatzeko; jarraian gure zerbitzuetan datuen babeserako daukagun politikaren informazioa duzu, Datu Pertsonalen Babesari buruzko EB 2016\/679 Erregelamenduan eta Datu Pertsonalak Babesteari eta Eskubide Digitalak Bermatzeari buruzko abenduaren 5eko 3\/2018 Legean ezarritakoa betetzeko<\/p>\n<p><strong>Informazio-politika bakoitzaren gainean klik eginda,<\/strong> antolakuntzak datu pertsonalez egiten duen kudeaketaren informazio zehatza lortuko duzu euskal sektore turistikoaren sustapen-arloan, baita barne-kudeaketa ere.<\/p>\n<\/div><div class=\"fusion-separator fusion-full-width-sep\" style=\"align-self: center;margin-left: auto;margin-right: auto;margin-bottom:20px;width:100%;\"><\/div><div class=\"accordian fusion-accordian\" style=\"--awb-border-size:1px;--awb-icon-size:20px;--awb-content-font-size:var(--awb-typography4-font-size);--awb-icon-alignment:right;--awb-hover-color:var(--awb-color2);--awb-border-color:var(--awb-color3);--awb-background-color:var(--awb-color2);--awb-divider-color:var(--awb-color3);--awb-divider-hover-color:var(--awb-color3);--awb-icon-color:var(--awb-color1);--awb-title-color:var(--awb-color8);--awb-content-color:var(--awb-color6);--awb-icon-box-color:var(--awb-color8);--awb-toggle-hover-accent-color:var(--awb-color5);--awb-toggle-active-accent-color:var(--awb-color8);--awb-title-font-family:var(--awb-typography3-font-family);--awb-title-font-weight:var(--awb-typography3-font-weight);--awb-title-font-style:var(--awb-typography3-font-style);--awb-title-font-size:var(--awb-typography3-font-size);--awb-title-letter-spacing:var(--awb-typography3-letter-spacing);--awb-title-line-height:var(--awb-typography3-line-height);--awb-content-font-family:var(--awb-typography4-font-family);--awb-content-font-weight:var(--awb-typography4-font-weight);--awb-content-font-style:var(--awb-typography4-font-style);\"><div class=\"panel-group fusion-toggle-icon-right fusion-toggle-icon-boxed\" id=\"accordion-15618-1\"><div class=\"fusion-panel panel-default panel-f4637b766e9bd6d82 fusion-toggle-has-divider\" style=\"--awb-title-color:var(--awb-color8);--awb-content-color:var(--awb-color6);\"><div class=\"panel-heading\"><h4 class=\"panel-title toggle\" id=\"toggle_f4637b766e9bd6d82\"><a aria-expanded=\"false\" aria-controls=\"f4637b766e9bd6d82\" role=\"button\" data-toggle=\"collapse\" data-parent=\"#accordion-15618-1\" data-target=\"#f4637b766e9bd6d82\" href=\"#f4637b766e9bd6d82\"><span class=\"fusion-toggle-icon-wrapper\" aria-hidden=\"true\"><i class=\"fa-fusion-box active-icon awb-icon-minus\" aria-hidden=\"true\"><\/i><i class=\"fa-fusion-box inactive-icon fa-angle-down fas\" aria-hidden=\"true\"><\/i><\/span><span class=\"fusion-toggle-heading\">DATU PERTSONALEI BURUZKO INFORMAZIO POLITIKA: LEADER LAGUNTZAK<\/span><\/a><\/h4><\/div><div id=\"f4637b766e9bd6d82\" class=\"panel-collapse collapse \" aria-labelledby=\"toggle_f4637b766e9bd6d82\"><div class=\"panel-body toggle-content fusion-clearfix\"><strong>Arduraduna. Nor da zure datuen arduraduna?<\/strong><\/p>\n<p>MENDINET<br \/>\nIFK: G01341718<br \/>\nHelbidea: Granja Modelo z\/g. 01192 Arkauti (Araba)<br \/>\nTelefonoa: 945 410 309<br \/>\ne-posta: mendinet@mendinet.eus<\/p>\n<p><strong>Helburua. Zertarako erabiliko ditugu zure datuak?<\/strong><\/p>\n<p>Partaidetzazko Toki Garapeneko Estrategian (Leader ikuspegia) finkatutako helburuak betetzeko laguntzak kudeatzea, bereziki honako neurri hauek:<\/p>\n<ul>\n<li>Ekintzailetzari eta ekintzailetza korporatiboari lotutako neurriak.<\/li>\n<li>Nekazaritzakoak ez diren enpresetan eta nekazaritza dibertsifikatzeko inbertsioak egiteko laguntza-neurria.<\/li>\n<li>Besteren konturako kontratazio-neurria.<\/li>\n<li>Espazioak egokitzeko neurria.<\/li>\n<\/ul>\n<p><strong>Legitimazioa. Zein da zure datuen tratamendua egiteko legitimazioa?<\/strong><\/p>\n<p>Europako Batzordearen 1407\/2013 Erregelamendua, 2013ko abenduaren 18koa, Europar Batasunaren Funtzionamenduari buruzko Tratatuaren 107. eta 108. artikuluak minimis laguntzei aplikatzeari buruzkoa.<\/p>\n<p><strong>Hartzaileak. Zein inguruabarretan jakinaraziko dizkiogu besteri zure datuak?<\/strong><\/p>\n<p>Datu pertsonalak Euskal Autonomia Erkidegoko beste organo batzuei, Nekazaritza eta Arrantzako Estatistika Ofizialen Zerbitzuari (SEAS), erakunde ordaintzaileari, HAZI Fundazioari eta landa-garapeneko agenteei jakinaraziko zaizkie, bai eta hirugarren pertsona edo erakundeei ere, baldin eta legez ezarritako betebeharrak betetzeko edo kanpoko hornitzaileen bidez zerbitzuari euskarria emateko beharrezkoa bada.<\/p>\n<p><strong>Nazioarteko eskualdatzeak. Zein kasutan egingo ditugu?<\/strong><\/p>\n<p>Datuen kudeaketak ez dakar datuen eskualdazterik egiteko beharrik nazioartean.<\/p>\n<p><strong>Datuak gordetzea. Zenbat denboraz gordeko ditugu zure datuak?<\/strong><\/p>\n<p>Datu pertsonalak 15 urteko aldian gordeko dira.<\/p>\n<p><strong>Eskubideak. Zer eskubide daukazu datuak ematen dizkiguzunean?<\/strong><\/p>\n<p>Interesdunek eskubidea dute MENDINET norberari buruzko datu pertsonalen tratamendua egiten ari den jakiteko.<br \/>\nZehazki, eragindakoek datu pertsonalak eskuratzeko eta datu okerrak zuzendu daitezen eskatzeko eskubidea dute, edo, hala badagokio, ezaba daitezen eskatzeko eskubidea, besteak beste, datuak bildu zirenean bete beharreko helburuetarako beharrezkoak ez direnean.<br \/>\nTratamendua interes publikorik edo botere publikoen interes publikorik erabiltzean oinarritzen bada, edo tratamendua interes legitimoan oinarritzen bada, interesdunak bere datu pertsonalen tratamendua aurkaratu ahalko du. Kasu horretan, erakundeak datuak tratatzeari utziko dio, nahitaezko arrazoi legitimoen ziozkoa denean izan ezik, edo balizko erreklamazioak egikaritu nahiz horien defentsan aritu behar denean izan ezik.<br \/>\nInguruabar jakin batzuetan, interesdunek beren datuen tratamendua mugatzeko eskatu ahalko dute; kasu horretan, erreklamazioak egikaritzeko edo horien defentsan aritzeko baino ez ditugu gordeko.<br \/>\nInteresdunak bere eskubideak erabili ahalko ditu eskaera datuen arduraduna identifikatzeko atalean adierazi den posta helbidera edo helbide elektronikora bidalita. Horretarako, gure pribatutasun-atarian eskaintzen den eskaera-inprimakia balia dezake.<br \/>\nBestalde, erreklamazioa aurkez daiteke Datuak Babesteko Euskal Bulegoan, bereziki, interesdunak bere eskubideak baliatzean gogobeterik geratu ez bada, bulego horren webgunean adierazitako posta-helbidean edo helbide elektronikoan.<\/p>\n<p><strong>Segurtasuna<\/strong><\/p>\n<p>Ezarritako segurtasun-neurriak bat datoz Administrazio Elektronikoaren esparruan Segurtasun Eskema Nazionala arautzen duen urtarrilaren 8ko 3\/2010 Errege Dekretuaren II. eranskinak (segurtasun-neurriei buruzkoak) araututakoekin.<\/div><\/div><\/div><div class=\"fusion-panel panel-default panel-47328f595889f811f fusion-toggle-has-divider\" style=\"--awb-title-color:var(--awb-color8);--awb-content-color:var(--awb-color6);\"><div class=\"panel-heading\"><h4 class=\"panel-title toggle\" id=\"toggle_47328f595889f811f\"><a aria-expanded=\"false\" aria-controls=\"47328f595889f811f\" role=\"button\" data-toggle=\"collapse\" data-parent=\"#accordion-15618-1\" data-target=\"#47328f595889f811f\" href=\"#47328f595889f811f\"><span class=\"fusion-toggle-icon-wrapper\" aria-hidden=\"true\"><i class=\"fa-fusion-box active-icon awb-icon-minus\" aria-hidden=\"true\"><\/i><i class=\"fa-fusion-box inactive-icon fa-angle-down fas\" aria-hidden=\"true\"><\/i><\/span><span class=\"fusion-toggle-heading\">DATU PERTSONALEN ARLOKO INFORMAZIO-POLITIKA: LANGILE- HAUTAKETA<\/span><\/a><\/h4><\/div><div id=\"47328f595889f811f\" class=\"panel-collapse collapse \" aria-labelledby=\"toggle_47328f595889f811f\"><div class=\"panel-body toggle-content fusion-clearfix\"><strong>Arduraduna. Zein da zure datuen tratamenduaren arduraduna?<\/strong><\/p>\n<p>MENDINET, LANDA EREMUEN GARAPENAREN AURRERAPENERAKO ELKARTEA<br \/>\nPosta-helbidea: Granja Modelo z\/g. 01192 Arkauti (Araba)<br \/>\nIFK: G01341718<br \/>\nTelefonoa: 945 410 309<br \/>\nHelbide elektronikoa: mendinet@mendinet.eus<\/p>\n<p><strong>Xedea. Zertarako tratatzen ditugu zure datuak?<\/strong><\/p>\n<p>MENDINETen plaza hutsak betetzeko hautaketa-prozesuen kudeaketarako.<\/p>\n<p><strong>Legitimazioa. Zein da zure datuak tratatzeko legitimazioa?<\/strong><\/p>\n<p>Baimena: Datuen Babesari buruzko Erregelamendu Orokorraren 6.1.a) artikulua.<\/p>\n<p><strong>Hartzaileak. Zein kasutan jakinarazten ditugu zure datuak?<\/strong><\/p>\n<p>Datu pertsonalak ez zaizkie hirugarren pertsonei edo erakundeei emango, legez ezarritako betebeharrak betetzeko edo kanpoko hornitzaileen bidez zerbitzuari euskarria emateko ez bada.<\/p>\n<p><strong>Nazioarteko transferentziak Zein kasutan egiten dira?<\/strong><\/p>\n<p>Datuak kudeatzeak ez du esan nahi datu horien nazioarteko transferentzia egiten denik.<\/p>\n<p><strong>Gordetzea. Noiz arte gordeko ditugu zure datuak?<\/strong><\/p>\n<p>Hautaketa-prozesuek eta lan-poltsak irauten duten arte gordeko dira datu pertsonalak, lan poltsa bi urtez behin eguneratzeari edo interesdunak adierazitako bajari kalterik egin gabe.<\/p>\n<p><strong>Eskubideak. Zein eskubide dituzu zure datuak guri ematean?<\/strong><\/p>\n<p>Interesdunek eskubidea dute MENDINET dagozkien datu pertsonalak tratatzen ari ote den jakiteko.<br \/>\nZehatz esateko, eskubidea dute euren datu pertsonaletarako sarbidea izateko; horrez gain, datu okerrak zuzentzeko eskatu ahalko dute, edo, hala badagokio, horiek ezabatzeko, besteak beste datuak dagoeneko ez direnean beharrezkoak bilketaren xedeetarako.<\/p>\n<p>Datuen tratamendurako pertsonaren baimena lortu beharra egonez gero, honek baimena indargabetu egin dezake, baina ez du eraginik izango indargabetzearen aurretik egindako tratamenduan.<br \/>\nInguruabar zehatzetan, interesdunek euren datuen tratamendua mugatzeko eskatu ahalko dute; kasu horretan, soilik erreklamazioak aurkeztu edo babesteko gordeko ditugu.<br \/>\nInteresdunak bere eskubideak erabili ditzake eta eskaria bidali dezake arduraduna identifikatzeko atalean ageri den posta-helbidera edo helbide elektronikora; gure pribatutasun-atarian eskaria egiteko inprimaki-eredu bat dago.<\/p>\n<p>Datuak Babesteko Euskal Bulegoan erreklamazioa aurkez dezakezu, bereziki zure eskubideen erabileran asebete ez bazara, Bulegoaren webgunean ageri den posta-helbidea eta\/edo helbide elektronikoa erabiliz.<\/p>\n<p><strong>Segurtasuna<\/strong><\/p>\n<p>Datuen isilpeko tratamendua egingo da eta neurri tekniko eta segurtasuneko antolakuntza neurri egokiak erabiliko dira, datuok aldatu, galdu eta tratatu ez daitezen eta datuotan baimenik gabe sartu ez daitezen.<\/div><\/div><\/div><div class=\"fusion-panel panel-default panel-605e8c5684d851fce fusion-toggle-has-divider\" style=\"--awb-title-color:var(--awb-color8);--awb-content-color:var(--awb-color6);\"><div class=\"panel-heading\"><h4 class=\"panel-title toggle\" id=\"toggle_605e8c5684d851fce\"><a aria-expanded=\"false\" aria-controls=\"605e8c5684d851fce\" role=\"button\" data-toggle=\"collapse\" data-parent=\"#accordion-15618-1\" data-target=\"#605e8c5684d851fce\" href=\"#605e8c5684d851fce\"><span class=\"fusion-toggle-icon-wrapper\" aria-hidden=\"true\"><i class=\"fa-fusion-box active-icon awb-icon-minus\" aria-hidden=\"true\"><\/i><i class=\"fa-fusion-box inactive-icon fa-angle-down fas\" aria-hidden=\"true\"><\/i><\/span><span class=\"fusion-toggle-heading\">DATU PERTSONALEN ARLOKO INFORMAZIO-POLITIKA: KONTSULTENTZAKO HARREMANA<\/span><\/a><\/h4><\/div><div id=\"605e8c5684d851fce\" class=\"panel-collapse collapse \" aria-labelledby=\"toggle_605e8c5684d851fce\"><div class=\"panel-body toggle-content fusion-clearfix\"><strong>Arduraduna. Zein da zure datuen tratamenduaren arduraduna?<\/strong><\/p>\n<p>MENDINET, LANDA EREMUEN GARAPENAREN AURRERAPENERAKO ELKARTEA<br \/>\nPosta-helbidea: Granja Modelo z\/g. 01192 Arkauti (Araba)<br \/>\nIFK: G01341718<br \/>\nTelefonoa: 945 410 309<br \/>\nHelbide elektronikoa: mendinet@mendinet.eus<\/p>\n<p><strong>Xedea. Zertarako tratatzen ditugu zure datuak?<\/strong><\/p>\n<p>Komunikaziorako bide fisiko edo elektroniko zenbait erabiliz MENDINETekin harremanetan jartzen diren pertsonen komunikazioa kudeatzeko, kontsulta orokorren berri eman ahal izateko.<\/p>\n<p><strong>Legitimazioa. Zein da zure datuak tratatzeko legitimazioa?<\/strong><\/p>\n<p>Interes legitimoa: Datuen Babesari buruzko Erregelamendu Orokorraren 6.1.f) artikulua<\/p>\n<p><strong>Hartzaileak. Zein kasutan jakinarazten ditugu zure datuak?<\/strong><\/p>\n<p>Datu pertsonalak ez zaizkie hirugarren pertsonei edo erakundeei emango, legez ezarritako betebeharrak betetzeko edo kanpoko hornitzaileen bidez zerbitzuari euskarria emateko ez bada.<\/p>\n<p><strong>Nazioarteko transferentziak. Zein kasutan egiten dira?<\/strong><\/p>\n<p>Datuak kudeatzeak ez du esan nahi datu horien nazioarteko transferentzia egiten denik.<\/p>\n<p><strong>Gordetzea. Noiz arte gordeko ditugu zure datuak?<\/strong><\/p>\n<p>Pertsonak hasitako eskaria artatu arte behar den denboran gordeko dira datu pertsonalak, ondoren sarbide mugatuko blokeora igaroko dira eta urtebetez hor mantenduko dira; epe hori igarotakoan, ezabatu egingo dira.<\/p>\n<p><strong>Eskubideak. Zein eskubide dituzu zure datuak guri ematean?<\/strong><\/p>\n<p>Interesdunek eskubidea dute MENDINET dagozkien datu pertsonalak tratatzen ari ote den jakiteko.<br \/>\nZehatz esateko, eskubidea dute euren datu pertsonaletarako sarbidea izateko; horrez gain, datu okerrak zuzentzeko eskatu ahalko dute, edo, hala badagokio, horiek ezabatzeko, besteak beste datuak dagoeneko ez direnean beharrezkoak bilketaren xedeetarako.<\/p>\n<p>Datuen tratamendua interes publiko batean edo botere publikoetan oinarritzen bada, baita legezko interesean oinarritzen bada ere, pertsonak bere datu pertsonalen tratamenduaren aurka egin dezake. Kasu horretan, MENDINETek datuak tratatzeari utziko dio, lege arrazoiengatik izan ezik, edo erreklamazioak aurkezteko edo horien aurrean babesteko.<\/p>\n<p>Inguruabar zehatzetan, interesdunek euren datuen tratamendua mugatzeko eskatu ahalko dute; kasu horretan, soilik erreklamazioak aurkeztu edo babesteko gordeko dira.<br \/>\nInteresdunak bere eskubideak erabili ditzake eta eskaria bidali dezake arduradunaren atalean ageri den posta-helbidera edo helbide elektronikora; gure pribatutasun-atarian eskaria egiteko inprimaki-eredu bat dago.<\/p>\n<p>Datuak Babesteko Euskal Bulegoan erreklamazioa aurkez dezakezu, bereziki zure eskubideen erabileran asebete ez bazara, Bulegoaren webgunean ageri den posta-helbidea eta\/edo helbide elektronikoa erabiliz.<\/p>\n<p><strong>Segurtasuna<\/strong><\/p>\n<p>Datuen isilpeko tratamendua egingo da eta neurri tekniko eta segurtasuneko antolakuntza neurri egokiak erabiliko dira, datuok aldatu, galdu eta tratatu ez daitezen eta datuotan baimenik gabe sartu ez daitezen.<\/div><\/div><\/div><div class=\"fusion-panel panel-default panel-3e91a81830df8e0f4 fusion-toggle-has-divider\" style=\"--awb-title-color:var(--awb-color8);--awb-content-color:var(--awb-color6);\"><div class=\"panel-heading\"><h4 class=\"panel-title toggle\" id=\"toggle_3e91a81830df8e0f4\"><a aria-expanded=\"false\" aria-controls=\"3e91a81830df8e0f4\" role=\"button\" data-toggle=\"collapse\" data-parent=\"#accordion-15618-1\" data-target=\"#3e91a81830df8e0f4\" href=\"#3e91a81830df8e0f4\"><span class=\"fusion-toggle-icon-wrapper\" aria-hidden=\"true\"><i class=\"fa-fusion-box active-icon awb-icon-minus\" aria-hidden=\"true\"><\/i><i class=\"fa-fusion-box inactive-icon fa-angle-down fas\" aria-hidden=\"true\"><\/i><\/span><span class=\"fusion-toggle-heading\">DATU PERTSONALEN ARLOKO INFORMAZIO-POLITIKA: EKITALDIAK<\/span><\/a><\/h4><\/div><div id=\"3e91a81830df8e0f4\" class=\"panel-collapse collapse \" aria-labelledby=\"toggle_3e91a81830df8e0f4\"><div class=\"panel-body toggle-content fusion-clearfix\"><strong>Arduraduna. Zein da zure datuen tratamenduaren arduraduna?<\/strong><\/p>\n<p>MENDINET, LANDA EREMUEN GARAPENAREN AURRERAPENERAKO ELKARTEA<br \/>\nPosta-helbidea: Granja Modelo z\/g. 01192 Arkauti (Araba)<br \/>\nIFK: G01341718<br \/>\nTelefonoa: 945 410 309<br \/>\nHelbide elektronikoa: mendinet@mendinet.eus<\/p>\n<p><strong>Xedea. Zertarako tratatzen ditugu zure datuak?<\/strong><\/p>\n<p>MENDINETen proiektuak aurkezteko antolatutako urruneko ekitaldiak eta jardunaldiak kudeatzeko.<br \/>\nEkitaldiaren ondorioz lortutako ikus-entzunezko materiala bildu eta hedatzeko.<\/p>\n<p><strong>Legitimazioa. Zein da zure datuak tratatzeko legitimazioa?<\/strong><\/p>\n<p>Ekitaldira inbitatzeko interes legitimoa: Datuen Babesari buruzko Erregelamendu Orokorraren 6.1.f) artikulua<br \/>\nIrudiak bildu eta hedatzeko baimena: Datuen Babesari buruzko Erregelamendu Orokorraren 6.1.a) artikulua<\/p>\n<p><strong>Hartzaileak Zein kasutan jakinarazten ditugu zure datuak?<\/strong><\/p>\n<p>Ikus-entzunezko materiala hedatuz gero MENDINETen euskarri fisiko edo elektronikoen bidez.<br \/>\nLegez ezarritako betebeharrak betetzeko beharrezko beste lagapen batzuk edo kanpoko hornitzaileen bidez zerbitzuari euskarria emateko.<\/p>\n<p><strong>Nazioarteko transferentziak Zein kasutan egiten dira?<\/strong><\/p>\n<p>Datuak kudeatzeak ez du esan nahi datu horien nazioarteko transferentzia egiten denik.<\/p>\n<p><strong>Gordetzea. Noiz arte gordeko ditugu zure datuak?<\/strong><\/p>\n<p>Ekitaldia amaitu arte gordeko dira datu pertsonalak, amaitutakoan blokeora igaroko dira eta ezarri daitekeen berariazko araudiak finkatutako aldian egongo dira blokeoan, baita kudeaketa orokorraren ondoriozko erantzukizunek eskatutako aldian ere eta datu pertsonalen ondoriozkoan, bereziki.<br \/>\nIkus-entzunezko materiala egin eta hedatzeko datuen tratamenduari dagokionez, pertsonak formulatuko duen indargabetzera arte kudeatuko dira, ikus-entzunezko materialak egin eta hedatzeari buruzko edukiak deuseztatu edo eguneratzeko antolakuntzak duen ahalari kalterik egin gabe.<\/p>\n<p><strong>Eskubideak. Zein eskubide dituzu zure datuak guri ematean?<\/strong><\/p>\n<p>Interesdunek eskubidea dute MENDINET dagozkien datu pertsonalak tratatzen ari ote den jakiteko.<br \/>\nZehatz esateko, eskubidea dute euren datu pertsonaletarako sarbidea izateko; horrez gain, datu okerrak zuzentzeko eskatu ahalko dute, edo, hala badagokio, horiek ezabatzeko, besteak beste datuak dagoeneko ez direnean beharrezkoak bilketaren xedeetarako.<\/p>\n<p>Datuen tratamendurako pertsonaren baimena lortu beharra egonez gero, honek baimena indargabetu egin dezake, baina ez du eraginik izango indargabetzearen aurretik egindako tratamenduan.<br \/>\nInguruabar zehatzetan, interesdunek euren datuen tratamendua mugatzeko eskatu ahalko dute; kasu horretan, soilik erreklamazioak aurkeztu edo babesteko gordeko dira.<\/p>\n<p>Interesdunak bere eskubideak erabili ditzake eta eskaria bidali arduraduna identifikatzeko atalean ageri den posta-helbidera edo helbide elektronikora; gure pribatutasun atarian eskaria egiteko inprimaki-eredu bat dago.<\/p>\n<p>Datuak Babesteko Bulegoan erreklamazioa aurkez dezakezu, bereziki zure eskubideen erabileran asebete ez bazara, Bulegoaren webgunean ageri den posta-helbidea eta\/edo helbide elektronikoa erabiliz.<\/p>\n<p><strong>Segurtasuna<\/strong><\/p>\n<p>Datuen isilpeko tratamendua egingo da eta neurri tekniko eta segurtasuneko antolakuntza neurri egokiak erabiliko dira, datuok aldatu, galdu eta tratatu ez daitezen eta datuotan baimenik gabe sartu ez daitezen.<br \/>\n<strong>Seguridad<\/strong><\/p>\n<p>Los datos ser\u00e1n tratados de forma confidencial y bajo el sometimiento a medidas t\u00e9cnicas y organizativas de seguridad adecuadas para evitar su alteraci\u00f3n, p\u00e9rdida, tratamiento o acceso no autorizado.<\/div><\/div><\/div><div class=\"fusion-panel panel-default panel-a88e8912a76c24964 fusion-toggle-has-divider\" style=\"--awb-title-color:var(--awb-color8);--awb-content-color:var(--awb-color6);\"><div class=\"panel-heading\"><h4 class=\"panel-title toggle\" id=\"toggle_a88e8912a76c24964\"><a aria-expanded=\"false\" aria-controls=\"a88e8912a76c24964\" role=\"button\" data-toggle=\"collapse\" data-parent=\"#accordion-15618-1\" data-target=\"#a88e8912a76c24964\" href=\"#a88e8912a76c24964\"><span class=\"fusion-toggle-icon-wrapper\" aria-hidden=\"true\"><i class=\"fa-fusion-box active-icon awb-icon-minus\" aria-hidden=\"true\"><\/i><i class=\"fa-fusion-box inactive-icon fa-angle-down fas\" aria-hidden=\"true\"><\/i><\/span><span class=\"fusion-toggle-heading\">DATU PERTSONALEN ARLOKO INFORMAZIO-POLITIKA: HARREMANAK EDO KANPOKO HARREMANAK<\/span><\/a><\/h4><\/div><div id=\"a88e8912a76c24964\" class=\"panel-collapse collapse \" aria-labelledby=\"toggle_a88e8912a76c24964\"><div class=\"panel-body toggle-content fusion-clearfix\"><strong>Arduraduna. Zein da zure datuen tratamenduaren arduraduna?<\/strong><\/p>\n<p>MENDINET, LANDA EREMUEN GARAPENAREN AURRERAPENERAKO ELKARTEA<br \/>\nPosta-helbidea: Granja Modelo z\/g. 01192 Arkauti (Araba)<br \/>\nIFK: G01341718<br \/>\nTelefonoa: 945 410 309<br \/>\nHelbide elektronikoa: mendinet@mendinet.eus<\/p>\n<p><strong>Xedea. Zertarako tratatzen ditugu zure datuak?<\/strong><\/p>\n<p>Komunikazioaren kudeaketarako MENDINETen interesekoak izan eta sektore publikoarekin eta pribatuarekin zerikusia duten pertsonekin.<br \/>\nMerkataritza-harremanaren kudeaketarako pertsona autonomoekin eta antolakuntzarako zerbitzuak hornitzen dituzten enpresetako ordezkariekin eta haiekin lotura duten langileekin.<\/p>\n<p><strong>Legitimazioa. Zein da zure datuak tratatzeko legitimazioa?<\/strong><\/p>\n<p>Interes legitimoa: Datuen Babesari buruzko Erregelamendu Orokorraren 6.1.f) artikulua<\/p>\n<p><strong>Hartzaileak. Zein kasutan jakinarazten ditugu zure datuak?<\/strong><\/p>\n<p>Datu pertsonalak ez zaizkie hirugarren pertsonei edo erakundeei emango, legez ezarritako betebeharrak betetzeko edo kanpoko hornitzaileen bidez zerbitzuari euskarria emateko ez bada.<\/p>\n<p><strong>Nazioarteko transferentziak Zein kasutan egiten dira?<\/strong><\/p>\n<p>Datuak kudeatzeak ez du esan nahi datu horien nazioarteko transferentzia egiten denik.<\/p>\n<p><strong>Gordetzea. Noiz arte gordeko ditugu zure datuak?<\/strong><\/p>\n<p>Datu pertsonalak gordeko dira pertsona interesdunak aurka egin arte edo baja eman arte datuen tratamendutik, baita kargu publikoan edo erakunde publiko eta pribatuen ordezkaritzan edo horiei lotuan edo erreferentzia egiten dietenetan aldaketaren bat egon arte ere.<\/p>\n<p><strong>Eskubideak. Zein eskubide dituzu zure datuak guri ematean?<\/strong><\/p>\n<p>Interesdunek eskubidea dute MENDINET dagozkien datu pertsonalak tratatzen ari ote den jakiteko.<br \/>\nZehatz esateko, eskubidea dute euren datu pertsonaletarako sarbidea izateko; horrez gain, datu okerrak zuzentzeko eskatu ahalko dute, edo, hala badagokio, horiek ezabatzeko, besteak beste datuak dagoeneko ez direnean beharrezkoak bilketaren xedeetarako.<\/p>\n<p>Inguruabar zehatzetan, interesdunek euren datuen tratamendua mugatzeko eskatu ahalko dute; kasu horretan, soilik erreklamazioak aurkeztu edo babesteko gordeko dira.<br \/>\nDatuen tratamendua interes publiko batean edo botere publikoetan oinarritzen bada, baita legezko interesean oinarritzen bada ere, pertsonak bere datu pertsonalen tratamenduaren aurka egin dezake. Kasu horretan, erakundeak datuak tratatzeari utziko dio, lege-arrazoiengatik izan ezik, edo erreklamazioak aurkezteko edo horien aurrean babesteko.<\/p>\n<p>Interesdunak bere eskubideak erabili ditzake eta eskaria bidali dezake arduraduna identifikatzeko atalean ageri den posta-helbidera edo helbide elektronikora; gure pribatutasun atarian eskaria egiteko inprimaki-eredu bat dago.<\/p>\n<p>Datuak Babesteko Bulegoan erreklamazioa aurkez dezakezu, bereziki zure eskubideen erabileran asebete ez bazara, Bulegoaren webgunean ageri den posta-helbidea eta\/edo helbide elektronikoa erabiliz.<\/p>\n<p><strong>Segurtasuna<\/strong><\/p>\n<p>Datuen isilpeko tratamendua egingo da eta neurri tekniko eta segurtasuneko antolakuntza neurri egokiak erabiliko dira, datuok aldatu, galdu eta tratatu ez daitezen eta datuotan baimenik gabe sartu ez daitezen.<\/div><\/div><\/div><div class=\"fusion-panel panel-default panel-87286e67f6143ca12 fusion-toggle-has-divider\" style=\"--awb-title-color:var(--awb-color8);--awb-content-color:var(--awb-color6);\"><div class=\"panel-heading\"><h4 class=\"panel-title toggle\" id=\"toggle_87286e67f6143ca12\"><a aria-expanded=\"false\" aria-controls=\"87286e67f6143ca12\" role=\"button\" data-toggle=\"collapse\" data-parent=\"#accordion-15618-1\" data-target=\"#87286e67f6143ca12\" href=\"#87286e67f6143ca12\"><span class=\"fusion-toggle-icon-wrapper\" aria-hidden=\"true\"><i class=\"fa-fusion-box active-icon awb-icon-minus\" aria-hidden=\"true\"><\/i><i class=\"fa-fusion-box inactive-icon fa-angle-down fas\" aria-hidden=\"true\"><\/i><\/span><span class=\"fusion-toggle-heading\">DATU PERTSONALEN ARLOKO INFORMAZIO-POLITIKA: DATU PERTSONALEN TRATAMENDUARI BURUZKO ESKUBIDEAK ERABILTZEA<\/span><\/a><\/h4><\/div><div id=\"87286e67f6143ca12\" class=\"panel-collapse collapse \" aria-labelledby=\"toggle_87286e67f6143ca12\"><div class=\"panel-body toggle-content fusion-clearfix\"><strong>Arduraduna Zein da zure datuen tratamenduaren arduraduna?<\/strong><\/p>\n<p>MENDINET, LANDA EREMUEN GARAPENAREN AURRERAPENERAKO ELKARTEA<br \/>\nPosta-helbidea: Granja Modelo z\/g. 01192 Arkauti (Araba)<br \/>\nIFK: G01341718<br \/>\nTelefonoa: 945 410 309<br \/>\nHelbide elektronikoa: mendinet@mendinet.eus<\/p>\n<p><strong>Xedea Zertarako tratatzen ditugu zure datuak?<\/strong><\/p>\n<p>Bere datu pertsonalen tratamenduari buruzko eskubideak erabiltzeko pertsonak planteatutako eskariak kudeatzeko eta ebazteko.<\/p>\n<p><strong>Legitimazioa. Zein da zure datuak tratatzeko legitimazioa?<\/strong><\/p>\n<p>Legezko betebeharraren betearazpena: Datuen Babesari buruzko Erregelamendu Orokorraren 6.1.c) artikulua.<\/p>\n<p><strong>Hartzaileak. Zein kasutan jakinarazten ditugu zure datuak?<\/strong><\/p>\n<p>Datu pertsonalak ez zaizkie hirugarren pertsonei edo erakundeei emango, legez ezarritako betebeharrak betetzeko edo kanpoko hornitzaileen bidez zerbitzuari euskarria emateko ez bada.<\/p>\n<p><strong>Nazioarteko. transferentziak Zein kasutan egiten dira?<\/strong><\/p>\n<p>Datuak kudeatzeak ez du esan nahi datu horien nazioarteko transferentzia egiten denik.<\/p>\n<p><strong>Gordetzea. Noiz arte gordeko ditugu zure datuak?<\/strong><\/p>\n<p>Datu pertsonalen tratamenduari buruzko eskubide bat eskatzen denetik sortutako datu pertsonalak prozesua amaitu eta artxibatu arte hartuko dira kontuan; une horretatik aurrera blokeatu eta sarbide mugatua izango dute eta egoera horretan mantenduko dira gehienez ere hiru urtez, kudeaketa orokorraren arloan eta datu pertsonalenean bereziki gehieneko epea hori baita.<\/p>\n<p><strong>Eskubideak. Zein eskubide dituzu zure datuak guri ematean?<\/strong><\/p>\n<p>Interesdunek eskubidea dute MENDINET dagozkien datu pertsonalak tratatzen ari ote den jakiteko.<br \/>\nZehatz esateko, eskubidea dute euren datu pertsonaletarako sarbidea izateko; horrez gain, datu okerrak zuzentzeko eskatu ahalko dute, edo, hala badagokio, horiek ezabatzeko, besteak beste datuak dagoeneko ez direnean beharrezkoak bilketaren xedeetarako.<\/p>\n<p>Inguruabar zehatzetan, interesdunek euren datuen tratamendua mugatzeko eskatu ahalko dute; kasu horretan, soilik erreklamazioak aurkeztu edo babesteko gordeko dira.<br \/>\nInteresdunak bere eskubideak erabili ditzake eta eskaria bidali dezake arduraduna identifikatzeko atalean ageri den posta-helbidera edo helbide elektronikora; gure pribatutasun atarian eskaria egiteko inprimaki-eredu bat dago.<\/p>\n<p>Datuak Babesteko Bulegoan erreklamazioa aurkez dezakezu, bereziki zure eskubideen erabileran asebete ez bazara, Bulegoaren webgunean ageri den posta-helbidea eta\/edo helbide elektronikoa erabiliz.<\/p>\n<p><strong>Segurtasuna<\/strong><\/p>\n<p>Datuen isilpeko tratamendua egingo da eta neurri tekniko eta segurtasuneko antolakuntza neurri egokiak erabiliko dira, datuok aldatu, galdu eta tratatu ez daitezen eta datuotan baimenik gabe sartu ez daitezen.<\/p>\n<p><strong>ESKUBIDEAK ERABILTZEKO INPRIMAKIA<\/strong><\/p>\n<p>Ponemos a disposici\u00f3n de la ciudadan\u00eda la solicitud para el ejercicio de derechos facilitada en el siguiente formulario.<\/p>\n<p><strong><a href=\"https:\/\/www.mendinet.org\/wp-content\/uploads\/2022\/04\/ZURE-DATU-PERTSONALEN-INGURUKO-ESKUBIDEAK-ERABILTZEKO-ESKARIA.pdf\" target=\"_blank\" rel=\"noopener\">DESKARGATU IMPRIMAKIA<\/a><\/strong><\/div><\/div><\/div><div class=\"fusion-panel panel-default panel-718838cd86419177a fusion-toggle-has-divider\" style=\"--awb-title-color:var(--awb-color8);--awb-content-color:var(--awb-color6);\"><div class=\"panel-heading\"><h4 class=\"panel-title toggle\" id=\"toggle_718838cd86419177a\"><a aria-expanded=\"false\" aria-controls=\"718838cd86419177a\" role=\"button\" data-toggle=\"collapse\" data-parent=\"#accordion-15618-1\" data-target=\"#718838cd86419177a\" href=\"#718838cd86419177a\"><span class=\"fusion-toggle-icon-wrapper\" aria-hidden=\"true\"><i class=\"fa-fusion-box active-icon awb-icon-minus\" aria-hidden=\"true\"><\/i><i class=\"fa-fusion-box inactive-icon fa-angle-down fas\" aria-hidden=\"true\"><\/i><\/span><span class=\"fusion-toggle-heading\">DATU PERTSONALEN ARLOKO INFORMAZIO-POLITIKA: SEGURTASUN-INTZIDENTZIAK<\/span><\/a><\/h4><\/div><div id=\"718838cd86419177a\" class=\"panel-collapse collapse \" aria-labelledby=\"toggle_718838cd86419177a\"><div class=\"panel-body toggle-content fusion-clearfix\"><strong>Arduraduna. Zein da zure datuen tratamenduaren arduraduna?<\/strong><\/p>\n<p>MENDINET, LANDA EREMUEN GARAPENAREN AURRERAPENERAKO ELKARTEA<br \/>\nPosta-helbidea: Granja Modelo z\/g. 01192 Arkauti (Araba)<br \/>\nIFK: G01341718<br \/>\nTelefonoa: 945 410 309<br \/>\nHelbide elektronikoa: mendinet@mendinet.eus<\/p>\n<p><strong>Xedea. Zertarako tratatzen ditugu zure datuak?<\/strong><\/p>\n<p>Datuen babeseko segurtasun-arrakalei buruzko prozesuen kudeaketarako, pertsonengan izan dezakeen eragin potentzialaren izaera, ondorioen larritasuna eta hartutako neurriak zehazteko.<\/p>\n<p><strong>Legitimazioa. Zein da zure datuak tratatzeko legitimazioa?<\/strong><\/p>\n<p>Legezko betebeharraren betearazpena: Datuen Babesari buruzko Erregelamendu Orokorraren 6.1.c) artikulua.<\/p>\n<p><strong>Hartzaileak. Zein kasutan jakinarazten ditugu zure datuak?<\/strong><\/p>\n<p>Datu pertsonalak ez zaizkie hirugarren pertsonei edo erakundeei emango, legez ezarritako betebeharrak betetzeko edo kanpoko hornitzaileen bidez zerbitzuari euskarria emateko ez bada.<\/p>\n<p><strong>Nazioarteko transferentziak. Zein kasutan egiten dira?<\/strong><\/p>\n<p>Datuak kudeatzeak ez du esan nahi datu horien nazioarteko transferentzia egiten denik.<\/p>\n<p><strong>Gordetzea. Noiz arte gordeko ditugu zure datuak?<\/strong><\/p>\n<p>Segurtasun-arrakalen kudeaketari buruzko datu pertsonalak prozesua artxibatu arte gordeko dira, eta prozesu horretan sartuko da, dagokionean, Datuen Babeserako Agentzian eta\/edo erreklamazioenean eragindako prozedura. Prozesua amaitutakoan, sarbide mugatuko blokeora igaroko dira kudeaketa orokorraren ondoriozko erantzukizunek eskatutako aldia eta datu pertsonalen ondoriozkoa, bereziki, preskribatu arte.<\/p>\n<p><strong>Eskubideak. Zein eskubide dituzu zure datuak guri ematean?<\/strong><\/p>\n<p>Interesdunek eskubidea dute MENDINET dagozkien datu pertsonalak tratatzen ari ote den jakiteko.<br \/>\nZehatz esateko, eskubidea dute euren datu pertsonaletarako sarbidea izateko; horrez gain, datu okerrak zuzentzeko eskatu ahalko dute, edo, hala badagokio, horiek ezabatzeko, besteak beste datuak dagoeneko ez direnean beharrezkoak xedeetarako.<\/p>\n<p>Inguruabar zehatzetan, interesdunek euren datuen tratamendua mugatzeko eskatu ahalko dute; kasu horretan, soilik erreklamazioak aurkeztu edo babesteko gordeko dira.<br \/>\nInteresdunak bere eskubideak erabili ditzake eta eskaria bidali dezake arduraduna identifikatzeko atalean ageri den posta-helbidera edo helbide elektronikora; gure pribatutasun atarian eskaria egiteko inprimaki-eredu bat dago.<\/p>\n<p>Datuak Babesteko Bulegoan erreklamazioa aurkez dezakezu, bereziki zure eskubideen erabileran asebete ez bazara, Bulegoaren webgunean ageri den posta-helbidea eta\/edo helbide elektronikoa erabiliz.<\/p>\n<p><strong>Segurtasuna<\/strong><\/p>\n<p>Datuen isilpeko tratamendua egingo da eta neurri tekniko eta segurtasuneko antolakuntza neurri egokiak erabiliko dira, datuok aldatu, galdu eta tratatu ez daitezen eta datuotan baimenik gabe sartu ez daitezen.<\/div><\/div><\/div><\/div><\/div><\/div><\/div><\/div><\/div><\/p>\n","protected":false},"excerpt":{"rendered":"","protected":false},"author":1,"featured_media":0,"parent":0,"menu_order":0,"comment_status":"closed","ping_status":"open","template":"100-width.php","meta":{"footnotes":""},"class_list":["post-15618","page","type-page","status-publish","hentry"],"yoast_head":"<!-- This site is optimized with the Yoast SEO plugin v26.2 - https:\/\/yoast.com\/wordpress\/plugins\/seo\/ -->\n<title>Pribatutasun politika - MENDINET<\/title>\n<meta name=\"robots\" content=\"index, follow, max-snippet:-1, max-image-preview:large, max-video-preview:-1\" \/>\n<link rel=\"canonical\" href=\"https:\/\/mendinet.eus\/eu\/pribatutasun-politika\/\" \/>\n<meta property=\"og:locale\" content=\"eu_ES\" \/>\n<meta property=\"og:type\" content=\"article\" \/>\n<meta property=\"og:title\" content=\"Pribatutasun politika - MENDINET\" \/>\n<meta property=\"og:url\" content=\"https:\/\/mendinet.eus\/eu\/pribatutasun-politika\/\" \/>\n<meta property=\"og:site_name\" content=\"MENDINET\" \/>\n<meta property=\"article:modified_time\" content=\"2025-08-06T14:09:15+00:00\" \/>\n<meta property=\"og:image\" content=\"https:\/\/mendinet.eus\/wp-content\/uploads\/2025\/08\/Mend_1-768x432-1.jpg\" \/>\n\t<meta property=\"og:image:width\" content=\"768\" \/>\n\t<meta property=\"og:image:height\" content=\"432\" \/>\n\t<meta property=\"og:image:type\" content=\"image\/jpeg\" \/>\n<meta name=\"twitter:card\" content=\"summary_large_image\" \/>\n<meta name=\"twitter:label1\" content=\"Est. reading time\" \/>\n\t<meta name=\"twitter:data1\" content=\"12 minutes\" \/>\n<script type=\"application\/ld+json\" class=\"yoast-schema-graph\">{\"@context\":\"https:\/\/schema.org\",\"@graph\":[{\"@type\":\"WebPage\",\"@id\":\"https:\/\/mendinet.eus\/eu\/pribatutasun-politika\/\",\"url\":\"https:\/\/mendinet.eus\/eu\/pribatutasun-politika\/\",\"name\":\"Pribatutasun politika - MENDINET\",\"isPartOf\":{\"@id\":\"https:\/\/mendinet.eus\/eu\/#website\"},\"datePublished\":\"2025-01-13T10:51:20+00:00\",\"dateModified\":\"2025-08-06T14:09:15+00:00\",\"breadcrumb\":{\"@id\":\"https:\/\/mendinet.eus\/eu\/pribatutasun-politika\/#breadcrumb\"},\"inLanguage\":\"eu-ES\",\"potentialAction\":[{\"@type\":\"ReadAction\",\"target\":[\"https:\/\/mendinet.eus\/eu\/pribatutasun-politika\/\"]}]},{\"@type\":\"BreadcrumbList\",\"@id\":\"https:\/\/mendinet.eus\/eu\/pribatutasun-politika\/#breadcrumb\",\"itemListElement\":[{\"@type\":\"ListItem\",\"position\":1,\"name\":\"Portada\",\"item\":\"https:\/\/mendinet.eus\/eu\/\"},{\"@type\":\"ListItem\",\"position\":2,\"name\":\"Pribatutasun politika\"}]},{\"@type\":\"WebSite\",\"@id\":\"https:\/\/mendinet.eus\/eu\/#website\",\"url\":\"https:\/\/mendinet.eus\/eu\/\",\"name\":\"MENDINET\",\"description\":\"Asociaci\u00f3n para el Progreso del Desarrollo Rural en Euskadi\",\"publisher\":{\"@id\":\"https:\/\/mendinet.eus\/eu\/#organization\"},\"alternateName\":\"Asociaci\u00f3n para el Progreso del Desarrollo Rural\",\"potentialAction\":[{\"@type\":\"SearchAction\",\"target\":{\"@type\":\"EntryPoint\",\"urlTemplate\":\"https:\/\/mendinet.eus\/eu\/?s={search_term_string}\"},\"query-input\":{\"@type\":\"PropertyValueSpecification\",\"valueRequired\":true,\"valueName\":\"search_term_string\"}}],\"inLanguage\":\"eu-ES\"},{\"@type\":\"Organization\",\"@id\":\"https:\/\/mendinet.eus\/eu\/#organization\",\"name\":\"MENDINET\",\"alternateName\":\"Asociaci\u00f3n para el Progreso del Desarrollo Rural\",\"url\":\"https:\/\/mendinet.eus\/eu\/\",\"logo\":{\"@type\":\"ImageObject\",\"inLanguage\":\"eu-ES\",\"@id\":\"https:\/\/mendinet.eus\/eu\/#\/schema\/logo\/image\/\",\"url\":\"https:\/\/mendinet.es\/wp-content\/uploads\/2025\/08\/Mend_2.jpg\",\"contentUrl\":\"https:\/\/mendinet.es\/wp-content\/uploads\/2025\/08\/Mend_2.jpg\",\"width\":696,\"height\":696,\"caption\":\"MENDINET\"},\"image\":{\"@id\":\"https:\/\/mendinet.eus\/eu\/#\/schema\/logo\/image\/\"}}]}<\/script>\n<!-- \/ Yoast SEO plugin. -->","yoast_head_json":{"title":"Pribatutasun politika - MENDINET","robots":{"index":"index","follow":"follow","max-snippet":"max-snippet:-1","max-image-preview":"max-image-preview:large","max-video-preview":"max-video-preview:-1"},"canonical":"https:\/\/mendinet.eus\/eu\/pribatutasun-politika\/","og_locale":"eu_ES","og_type":"article","og_title":"Pribatutasun politika - MENDINET","og_url":"https:\/\/mendinet.eus\/eu\/pribatutasun-politika\/","og_site_name":"MENDINET","article_modified_time":"2025-08-06T14:09:15+00:00","og_image":[{"width":768,"height":432,"url":"https:\/\/mendinet.eus\/wp-content\/uploads\/2025\/08\/Mend_1-768x432-1.jpg","type":"image\/jpeg"}],"twitter_card":"summary_large_image","twitter_misc":{"Est. reading time":"12 minutes"},"schema":{"@context":"https:\/\/schema.org","@graph":[{"@type":"WebPage","@id":"https:\/\/mendinet.eus\/eu\/pribatutasun-politika\/","url":"https:\/\/mendinet.eus\/eu\/pribatutasun-politika\/","name":"Pribatutasun politika - MENDINET","isPartOf":{"@id":"https:\/\/mendinet.eus\/eu\/#website"},"datePublished":"2025-01-13T10:51:20+00:00","dateModified":"2025-08-06T14:09:15+00:00","breadcrumb":{"@id":"https:\/\/mendinet.eus\/eu\/pribatutasun-politika\/#breadcrumb"},"inLanguage":"eu-ES","potentialAction":[{"@type":"ReadAction","target":["https:\/\/mendinet.eus\/eu\/pribatutasun-politika\/"]}]},{"@type":"BreadcrumbList","@id":"https:\/\/mendinet.eus\/eu\/pribatutasun-politika\/#breadcrumb","itemListElement":[{"@type":"ListItem","position":1,"name":"Portada","item":"https:\/\/mendinet.eus\/eu\/"},{"@type":"ListItem","position":2,"name":"Pribatutasun politika"}]},{"@type":"WebSite","@id":"https:\/\/mendinet.eus\/eu\/#website","url":"https:\/\/mendinet.eus\/eu\/","name":"MENDINET","description":"Asociaci\u00f3n para el Progreso del Desarrollo Rural en Euskadi","publisher":{"@id":"https:\/\/mendinet.eus\/eu\/#organization"},"alternateName":"Asociaci\u00f3n para el Progreso del Desarrollo Rural","potentialAction":[{"@type":"SearchAction","target":{"@type":"EntryPoint","urlTemplate":"https:\/\/mendinet.eus\/eu\/?s={search_term_string}"},"query-input":{"@type":"PropertyValueSpecification","valueRequired":true,"valueName":"search_term_string"}}],"inLanguage":"eu-ES"},{"@type":"Organization","@id":"https:\/\/mendinet.eus\/eu\/#organization","name":"MENDINET","alternateName":"Asociaci\u00f3n para el Progreso del Desarrollo Rural","url":"https:\/\/mendinet.eus\/eu\/","logo":{"@type":"ImageObject","inLanguage":"eu-ES","@id":"https:\/\/mendinet.eus\/eu\/#\/schema\/logo\/image\/","url":"https:\/\/mendinet.es\/wp-content\/uploads\/2025\/08\/Mend_2.jpg","contentUrl":"https:\/\/mendinet.es\/wp-content\/uploads\/2025\/08\/Mend_2.jpg","width":696,"height":696,"caption":"MENDINET"},"image":{"@id":"https:\/\/mendinet.eus\/eu\/#\/schema\/logo\/image\/"}}]}},"_links":{"self":[{"href":"https:\/\/mendinet.eus\/eu\/wp-json\/wp\/v2\/pages\/15618","targetHints":{"allow":["GET"]}}],"collection":[{"href":"https:\/\/mendinet.eus\/eu\/wp-json\/wp\/v2\/pages"}],"about":[{"href":"https:\/\/mendinet.eus\/eu\/wp-json\/wp\/v2\/types\/page"}],"author":[{"embeddable":true,"href":"https:\/\/mendinet.eus\/eu\/wp-json\/wp\/v2\/users\/1"}],"replies":[{"embeddable":true,"href":"https:\/\/mendinet.eus\/eu\/wp-json\/wp\/v2\/comments?post=15618"}],"version-history":[{"count":0,"href":"https:\/\/mendinet.eus\/eu\/wp-json\/wp\/v2\/pages\/15618\/revisions"}],"wp:attachment":[{"href":"https:\/\/mendinet.eus\/eu\/wp-json\/wp\/v2\/media?parent=15618"}],"curies":[{"name":"wp","href":"https:\/\/api.w.org\/{rel}","templated":true}]}}